{"id":24526,"date":"2024-12-17T13:04:46","date_gmt":"2024-12-17T12:04:46","guid":{"rendered":"https:\/\/clautic.com\/events-clautic\/clavetic-en-la-fase-local-apertix-2025-en-girona\/"},"modified":"2024-12-17T18:00:25","modified_gmt":"2024-12-17T17:00:25","slug":"clavetic-en-la-fase-local-apertix-2025-en-girona","status":"publish","type":"cpt-events","link":"https:\/\/clautic.com\/es\/eventos-clautic\/clavetic-en-la-fase-local-apertix-2025-en-girona\/","title":{"rendered":"ClauTIC en la fase local Apertix 2025 en Girona"},"content":{"rendered":"\n<h4 class=\"wp-block-heading\">ClauTIC participa en la fase local del reto Apertix 2025 en Girona<\/h4>\n\n<p>El pr\u00f3ximo <strong>18 de mayo<\/strong>, tres equipos de ClauTIC participar\u00e1n en la fase local del reto <a href=\"https:\/\/apertix.org\/\"><strong>Apertix 2025<\/strong><\/a>, que se celebrar\u00e1 en la Escuela FEDAC Sant Narc\u00eds de Girona. Nuestros 10 alumnos del grupo <a href=\"https:\/\/clautic.com\/es\/cursos-clautic\/r7-equipos-de-competicion\/\"><strong>R7 &#8211; Equipos de Competici\u00f3n<\/strong><\/a> de rob\u00f3tica ser\u00e1n los encargados de representarnos en esta competici\u00f3n de rob\u00f3tica. Esta es una gran oportunidad para nuestros j\u00f3venes talentos para demostrar su conocimiento y destreza.  <\/p>\n\n<figure class=\"wp-block-image aligncenter size-full\"><img fetchpriority=\"high\" decoding=\"async\" width=\"683\" height=\"410\" src=\"https:\/\/clautic.com\/wp-content\/uploads\/robocat-2024-e1734453079858.jpg\" alt=\"ClauTIC en la fase local del reto Apertix 2025 en Girona\" class=\"wp-image-24513\" srcset=\"https:\/\/clautic.com\/wp-content\/uploads\/robocat-2024-e1734453079858.jpg 683w, https:\/\/clautic.com\/wp-content\/uploads\/robocat-2024-e1734453079858-300x180.jpg 300w\" sizes=\"(max-width: 683px) 100vw, 683px\" \/><\/figure>\n\n<div style=\"height:48px\" aria-hidden=\"true\" class=\"wp-block-spacer\"><\/div>\n\n<h4 class=\"wp-block-heading\">Un reto tecnol\u00f3gico innovador<\/h4>\n\n<p>Esta competici\u00f3n representa una oportunidad \u00fanica para nuestros alumnos de poner a prueba sus conocimientos en rob\u00f3tica y en la resoluci\u00f3n de retos tecnol\u00f3gicos. Los equipos han estado trabajando intensamente durante las \u00faltimas semanas para construir robots capaces de resolver retos complejos. En esta edici\u00f3n, el reto se centra en el tratamiento de aguas fluviales, un tema de actualidad y relevancia. As\u00ed pues, los alumnos deber\u00e1n <strong>dise\u00f1ar robots aut\u00f3nomos que sean capaces de resolver situaciones complejas relacionadas con la gesti\u00f3n y purificaci\u00f3n de aguas<\/strong>.   <\/p>\n\n<div style=\"height:48px\" aria-hidden=\"true\" class=\"wp-block-spacer\"><\/div>\n\n<h4 class=\"wp-block-heading\">Los equipos de ClauTIC competir\u00e1n en la categor\u00eda Senior<\/h4>\n\n<p>Nuestros equipos competir\u00e1n en la fase local en la categor\u00eda Senior, que incluye alumnos nacidos entre 2007 y 2010. Aunque los horarios y el programa exactos se determinar\u00e1n pr\u00f3ximamente, estamos seguros de que ser\u00e1 una jornada llena de creatividad, aprendizaje y mucha diversi\u00f3n. Esta competici\u00f3n ser\u00e1 tambi\u00e9n una gran ocasi\u00f3n para compartir experiencias con otros participantes y potenciar el trabajo en equipo.  <\/p>\n\n<div style=\"height:48px\" aria-hidden=\"true\" class=\"wp-block-spacer\"><\/div>\n\n<h4 class=\"wp-block-heading\">Apertix 2025: un evento para fomentar el trabajo en equipo<\/h4>\n\n<p>Apertix 2025 es mucho m\u00e1s que una competici\u00f3n de rob\u00f3tica. Es una plataforma que promueve la rob\u00f3tica libre, abierta y accesible para todos, con el objetivo de fomentar la creatividad, la resoluci\u00f3n de problemas y, sobre todo, el trabajo en equipo entre los j\u00f3venes. A trav\u00e9s de la participaci\u00f3n, los alumnos aprenden no s\u00f3lo a programar y construir robots, sino tambi\u00e9n a colaborar y desarrollar habilidades esenciales para su futuro profesional.  <\/p>\n\n<div style=\"height:48px\" aria-hidden=\"true\" class=\"wp-block-spacer\"><\/div>\n\n<h4 class=\"wp-block-heading\">Conclusi\u00f3n: una gran oportunidad de aprendizaje<\/h4>\n\n<p>En definitiva, la participaci\u00f3n en Apertix 2025 es una oportunidad inmejorable para nuestros alumnos, tanto en el \u00e1mbito personal como acad\u00e9mico. Estamos seguros de que esta experiencia les ayudar\u00e1 a crecer como profesionales de la rob\u00f3tica y como personas capaces de superar retos. Por lo tanto, estamos muy emocionados de ver c\u00f3mo afrontan esta competici\u00f3n y las nuevas habilidades que adquirir\u00e1n en el proceso.  <\/p>\n\n<div style=\"height:47px\" aria-hidden=\"true\" class=\"wp-block-spacer\"><\/div>\n\n<p>Para una mejor comprensi\u00f3n del reto, pod\u00e9is ver el siguiente v\u00eddeo:<\/p>\n\n<figure class=\"wp-block-embed is-type-video is-provider-youtube wp-block-embed-youtube wp-embed-aspect-16-9 wp-has-aspect-ratio\"><div class=\"wp-block-embed__wrapper\">\n<iframe title=\"APERTIX 2025: REPTE\" width=\"800\" height=\"450\" src=\"https:\/\/www.youtube.com\/embed\/5vaVRIgeuNc?feature=oembed\" frameborder=\"0\" allow=\"accelerometer; autoplay; clipboard-write; encrypted-media; gyroscope; picture-in-picture; web-share\" referrerpolicy=\"strict-origin-when-cross-origin\" allowfullscreen><\/iframe>\n<\/div><\/figure>\n\n<p><\/p>\n","protected":false},"featured_media":24518,"template":"","class_list":["post-24526","cpt-events","type-cpt-events","status-publish","has-post-thumbnail","hentry"],"yoast_head":"<!-- This site is optimized with the Yoast SEO plugin v27.5 - https:\/\/yoast.com\/product\/yoast-seo-wordpress\/ -->\n<title>ClauTIC en la fase local Apertix 2025 en Girona &#8226; ClauTIC<\/title>\n<meta name=\"description\" content=\"Tres equipos de ClauTIC participar\u00e1n en la fase local de Apertix 2025 en Girona, demostrando sus habilidades en rob\u00f3tica.\" \/>\n<meta name=\"robots\" content=\"index, follow, max-snippet:-1, max-image-preview:large, max-video-preview:-1\" \/>\n<link rel=\"canonical\" href=\"https:\/\/clautic.com\/es\/eventos-clautic\/clavetic-en-la-fase-local-apertix-2025-en-girona\/\" \/>\n<meta property=\"og:locale\" content=\"es_ES\" \/>\n<meta property=\"og:type\" content=\"article\" \/>\n<meta property=\"og:title\" content=\"ClauTIC en la fase local Apertix 2025 en Girona &#8226; ClauTIC\" \/>\n<meta property=\"og:description\" content=\"Tres equipos de ClauTIC participar\u00e1n en la fase local de Apertix 2025 en Girona, demostrando sus habilidades en rob\u00f3tica.\" \/>\n<meta property=\"og:url\" content=\"https:\/\/clautic.com\/es\/eventos-clautic\/clavetic-en-la-fase-local-apertix-2025-en-girona\/\" \/>\n<meta property=\"og:site_name\" content=\"ClauTIC\" \/>\n<meta property=\"article:publisher\" content=\"https:\/\/www.facebook.com\/clautic\" \/>\n<meta property=\"article:modified_time\" content=\"2024-12-17T17:00:25+00:00\" \/>\n<meta property=\"og:image\" content=\"https:\/\/clautic.com\/wp-content\/uploads\/apertix.png\" \/>\n\t<meta property=\"og:image:width\" content=\"1586\" \/>\n\t<meta property=\"og:image:height\" content=\"853\" \/>\n\t<meta property=\"og:image:type\" content=\"image\/png\" \/>\n<meta name=\"twitter:card\" content=\"summary_large_image\" \/>\n<meta name=\"twitter:site\" content=\"@clauticcamp\" \/>\n<meta name=\"twitter:label1\" content=\"Tiempo de lectura\" \/>\n\t<meta name=\"twitter:data1\" content=\"2 minutos\" \/>\n<script type=\"application\/ld+json\" class=\"yoast-schema-graph\">{\"@context\":\"https:\\\/\\\/schema.org\",\"@graph\":[{\"@type\":\"WebPage\",\"@id\":\"https:\\\/\\\/clautic.com\\\/es\\\/eventos-clautic\\\/clavetic-en-la-fase-local-apertix-2025-en-girona\\\/\",\"url\":\"https:\\\/\\\/clautic.com\\\/es\\\/eventos-clautic\\\/clavetic-en-la-fase-local-apertix-2025-en-girona\\\/\",\"name\":\"ClauTIC en la fase local Apertix 2025 en Girona &#8226; ClauTIC\",\"isPartOf\":{\"@id\":\"https:\\\/\\\/clautic.com\\\/es\\\/#website\"},\"primaryImageOfPage\":{\"@id\":\"https:\\\/\\\/clautic.com\\\/es\\\/eventos-clautic\\\/clavetic-en-la-fase-local-apertix-2025-en-girona\\\/#primaryimage\"},\"image\":{\"@id\":\"https:\\\/\\\/clautic.com\\\/es\\\/eventos-clautic\\\/clavetic-en-la-fase-local-apertix-2025-en-girona\\\/#primaryimage\"},\"thumbnailUrl\":\"https:\\\/\\\/clautic.com\\\/wp-content\\\/uploads\\\/apertix.png\",\"datePublished\":\"2024-12-17T12:04:46+00:00\",\"dateModified\":\"2024-12-17T17:00:25+00:00\",\"description\":\"Tres equipos de ClauTIC participar\u00e1n en la fase local de Apertix 2025 en Girona, demostrando sus habilidades en rob\u00f3tica.\",\"breadcrumb\":{\"@id\":\"https:\\\/\\\/clautic.com\\\/es\\\/eventos-clautic\\\/clavetic-en-la-fase-local-apertix-2025-en-girona\\\/#breadcrumb\"},\"inLanguage\":\"es\",\"potentialAction\":[{\"@type\":\"ReadAction\",\"target\":[\"https:\\\/\\\/clautic.com\\\/es\\\/eventos-clautic\\\/clavetic-en-la-fase-local-apertix-2025-en-girona\\\/\"]}]},{\"@type\":\"ImageObject\",\"inLanguage\":\"es\",\"@id\":\"https:\\\/\\\/clautic.com\\\/es\\\/eventos-clautic\\\/clavetic-en-la-fase-local-apertix-2025-en-girona\\\/#primaryimage\",\"url\":\"https:\\\/\\\/clautic.com\\\/wp-content\\\/uploads\\\/apertix.png\",\"contentUrl\":\"https:\\\/\\\/clautic.com\\\/wp-content\\\/uploads\\\/apertix.png\",\"width\":1586,\"height\":853,\"caption\":\"repte apertix 2024 2025\"},{\"@type\":\"BreadcrumbList\",\"@id\":\"https:\\\/\\\/clautic.com\\\/es\\\/eventos-clautic\\\/clavetic-en-la-fase-local-apertix-2025-en-girona\\\/#breadcrumb\",\"itemListElement\":[{\"@type\":\"ListItem\",\"position\":1,\"name\":\"Inici\",\"item\":\"https:\\\/\\\/clautic.com\\\/es\\\/\"},{\"@type\":\"ListItem\",\"position\":2,\"name\":\"Events ClauTIC\",\"item\":\"https:\\\/\\\/clautic.com\\\/es\\\/eventos-clautic\\\/\"},{\"@type\":\"ListItem\",\"position\":3,\"name\":\"ClauTIC en la fase local Apertix 2025 en Girona\"}]},{\"@type\":\"WebSite\",\"@id\":\"https:\\\/\\\/clautic.com\\\/es\\\/#website\",\"url\":\"https:\\\/\\\/clautic.com\\\/es\\\/\",\"name\":\"ClauTIC\",\"description\":\"Programaci\u00f3, rob\u00f2tica i videojocs com a eines educatives\",\"publisher\":{\"@id\":\"https:\\\/\\\/clautic.com\\\/es\\\/#organization\"},\"alternateName\":\"ClauTIC\",\"potentialAction\":[{\"@type\":\"SearchAction\",\"target\":{\"@type\":\"EntryPoint\",\"urlTemplate\":\"https:\\\/\\\/clautic.com\\\/es\\\/?s={search_term_string}\"},\"query-input\":{\"@type\":\"PropertyValueSpecification\",\"valueRequired\":true,\"valueName\":\"search_term_string\"}}],\"inLanguage\":\"es\"},{\"@type\":\"Organization\",\"@id\":\"https:\\\/\\\/clautic.com\\\/es\\\/#organization\",\"name\":\"ClauTIC\",\"alternateName\":\"ClauTIC\",\"url\":\"https:\\\/\\\/clautic.com\\\/es\\\/\",\"logo\":{\"@type\":\"ImageObject\",\"inLanguage\":\"es\",\"@id\":\"https:\\\/\\\/clautic.com\\\/es\\\/#\\\/schema\\\/logo\\\/image\\\/\",\"url\":\"https:\\\/\\\/clautic.com\\\/wp-content\\\/uploads\\\/cropped-clauTic-logo.png\",\"contentUrl\":\"https:\\\/\\\/clautic.com\\\/wp-content\\\/uploads\\\/cropped-clauTic-logo.png\",\"width\":2318,\"height\":565,\"caption\":\"ClauTIC\"},\"image\":{\"@id\":\"https:\\\/\\\/clautic.com\\\/es\\\/#\\\/schema\\\/logo\\\/image\\\/\"},\"sameAs\":[\"https:\\\/\\\/www.facebook.com\\\/clautic\",\"https:\\\/\\\/x.com\\\/clauticcamp\",\"https:\\\/\\\/www.instagram.com\\\/clautic\\\/\",\"https:\\\/\\\/es.linkedin.com\\\/company\\\/clautic\"]}]}<\/script>\n<!-- \/ Yoast SEO plugin. -->","yoast_head_json":{"title":"ClauTIC en la fase local Apertix 2025 en Girona &#8226; ClauTIC","description":"Tres equipos de ClauTIC participar\u00e1n en la fase local de Apertix 2025 en Girona, demostrando sus habilidades en rob\u00f3tica.","robots":{"index":"index","follow":"follow","max-snippet":"max-snippet:-1","max-image-preview":"max-image-preview:large","max-video-preview":"max-video-preview:-1"},"canonical":"https:\/\/clautic.com\/es\/eventos-clautic\/clavetic-en-la-fase-local-apertix-2025-en-girona\/","og_locale":"es_ES","og_type":"article","og_title":"ClauTIC en la fase local Apertix 2025 en Girona &#8226; ClauTIC","og_description":"Tres equipos de ClauTIC participar\u00e1n en la fase local de Apertix 2025 en Girona, demostrando sus habilidades en rob\u00f3tica.","og_url":"https:\/\/clautic.com\/es\/eventos-clautic\/clavetic-en-la-fase-local-apertix-2025-en-girona\/","og_site_name":"ClauTIC","article_publisher":"https:\/\/www.facebook.com\/clautic","article_modified_time":"2024-12-17T17:00:25+00:00","og_image":[{"width":1586,"height":853,"url":"https:\/\/clautic.com\/wp-content\/uploads\/apertix.png","type":"image\/png"}],"twitter_card":"summary_large_image","twitter_site":"@clauticcamp","twitter_misc":{"Tiempo de lectura":"2 minutos"},"schema":{"@context":"https:\/\/schema.org","@graph":[{"@type":"WebPage","@id":"https:\/\/clautic.com\/es\/eventos-clautic\/clavetic-en-la-fase-local-apertix-2025-en-girona\/","url":"https:\/\/clautic.com\/es\/eventos-clautic\/clavetic-en-la-fase-local-apertix-2025-en-girona\/","name":"ClauTIC en la fase local Apertix 2025 en Girona &#8226; ClauTIC","isPartOf":{"@id":"https:\/\/clautic.com\/es\/#website"},"primaryImageOfPage":{"@id":"https:\/\/clautic.com\/es\/eventos-clautic\/clavetic-en-la-fase-local-apertix-2025-en-girona\/#primaryimage"},"image":{"@id":"https:\/\/clautic.com\/es\/eventos-clautic\/clavetic-en-la-fase-local-apertix-2025-en-girona\/#primaryimage"},"thumbnailUrl":"https:\/\/clautic.com\/wp-content\/uploads\/apertix.png","datePublished":"2024-12-17T12:04:46+00:00","dateModified":"2024-12-17T17:00:25+00:00","description":"Tres equipos de ClauTIC participar\u00e1n en la fase local de Apertix 2025 en Girona, demostrando sus habilidades en rob\u00f3tica.","breadcrumb":{"@id":"https:\/\/clautic.com\/es\/eventos-clautic\/clavetic-en-la-fase-local-apertix-2025-en-girona\/#breadcrumb"},"inLanguage":"es","potentialAction":[{"@type":"ReadAction","target":["https:\/\/clautic.com\/es\/eventos-clautic\/clavetic-en-la-fase-local-apertix-2025-en-girona\/"]}]},{"@type":"ImageObject","inLanguage":"es","@id":"https:\/\/clautic.com\/es\/eventos-clautic\/clavetic-en-la-fase-local-apertix-2025-en-girona\/#primaryimage","url":"https:\/\/clautic.com\/wp-content\/uploads\/apertix.png","contentUrl":"https:\/\/clautic.com\/wp-content\/uploads\/apertix.png","width":1586,"height":853,"caption":"repte apertix 2024 2025"},{"@type":"BreadcrumbList","@id":"https:\/\/clautic.com\/es\/eventos-clautic\/clavetic-en-la-fase-local-apertix-2025-en-girona\/#breadcrumb","itemListElement":[{"@type":"ListItem","position":1,"name":"Inici","item":"https:\/\/clautic.com\/es\/"},{"@type":"ListItem","position":2,"name":"Events ClauTIC","item":"https:\/\/clautic.com\/es\/eventos-clautic\/"},{"@type":"ListItem","position":3,"name":"ClauTIC en la fase local Apertix 2025 en Girona"}]},{"@type":"WebSite","@id":"https:\/\/clautic.com\/es\/#website","url":"https:\/\/clautic.com\/es\/","name":"ClauTIC","description":"Programaci\u00f3, rob\u00f2tica i videojocs com a eines educatives","publisher":{"@id":"https:\/\/clautic.com\/es\/#organization"},"alternateName":"ClauTIC","potentialAction":[{"@type":"SearchAction","target":{"@type":"EntryPoint","urlTemplate":"https:\/\/clautic.com\/es\/?s={search_term_string}"},"query-input":{"@type":"PropertyValueSpecification","valueRequired":true,"valueName":"search_term_string"}}],"inLanguage":"es"},{"@type":"Organization","@id":"https:\/\/clautic.com\/es\/#organization","name":"ClauTIC","alternateName":"ClauTIC","url":"https:\/\/clautic.com\/es\/","logo":{"@type":"ImageObject","inLanguage":"es","@id":"https:\/\/clautic.com\/es\/#\/schema\/logo\/image\/","url":"https:\/\/clautic.com\/wp-content\/uploads\/cropped-clauTic-logo.png","contentUrl":"https:\/\/clautic.com\/wp-content\/uploads\/cropped-clauTic-logo.png","width":2318,"height":565,"caption":"ClauTIC"},"image":{"@id":"https:\/\/clautic.com\/es\/#\/schema\/logo\/image\/"},"sameAs":["https:\/\/www.facebook.com\/clautic","https:\/\/x.com\/clauticcamp","https:\/\/www.instagram.com\/clautic\/","https:\/\/es.linkedin.com\/company\/clautic"]}]}},"_links":{"self":[{"href":"https:\/\/clautic.com\/es\/wp-json\/wp\/v2\/cpt-events\/24526","targetHints":{"allow":["GET"]}}],"collection":[{"href":"https:\/\/clautic.com\/es\/wp-json\/wp\/v2\/cpt-events"}],"about":[{"href":"https:\/\/clautic.com\/es\/wp-json\/wp\/v2\/types\/cpt-events"}],"version-history":[{"count":0,"href":"https:\/\/clautic.com\/es\/wp-json\/wp\/v2\/cpt-events\/24526\/revisions"}],"wp:featuredmedia":[{"embeddable":true,"href":"https:\/\/clautic.com\/es\/wp-json\/wp\/v2\/media\/24518"}],"wp:attachment":[{"href":"https:\/\/clautic.com\/es\/wp-json\/wp\/v2\/media?parent=24526"}],"curies":[{"name":"wp","href":"https:\/\/api.w.org\/{rel}","templated":true}]}}